{"id":1338,"date":"2020-06-11T14:07:01","date_gmt":"2020-06-11T14:07:01","guid":{"rendered":"https:\/\/www.kirmus.ee\/nooreesti\/?page_id=1338"},"modified":"2020-06-12T09:16:49","modified_gmt":"2020-06-12T09:16:49","slug":"sisukord","status":"publish","type":"page","link":"https:\/\/www.kirmus.ee\/nooreesti\/vaba-sona\/vaba-sona-i\/sisukord\/","title":{"rendered":"Sisukord"},"content":{"rendered":"\n<figure class=\"wp-block-table is-style-stripes\"><table><tbody><tr><td><strong>Pealkiri<\/strong><\/td><td><strong>lk<\/strong><\/td><\/tr><tr><td>&#8220;Eesti kodanlise koorekihi t\u00f5usutusad&#8221; &#8211; -n-<\/td><td><a href=\"\/nooreesti\/vaba-sona\/vaba-sona-i\/#vs-lk-14\">14<\/a><\/td><\/tr><tr><td>&#8220;E, Juhanson&#8221; &#8211; Juhanson, E<\/td><td><a href=\"\/nooreesti\/vaba-sona\/vaba-sona-i\/#vs-lk-24\">24<\/a><\/td><\/tr><tr><td>&#8220;L\u00f5he sotsialdemokratilises fraktsionis&#8221; &#8211; V.D.<\/td><td><a href=\"\/nooreesti\/vaba-sona\/vaba-sona-i\/#vs-lk-36\">36<\/a><\/td><\/tr><tr><td>&#8220;Alfred Russel Wallac ja darwinismus&#8221; &#8211; Jans, Joh.<\/td><td><a href=\"\/nooreesti\/vaba-sona\/vaba-sona-i\/#vs-lk-42\">42<\/a><\/td><\/tr><tr><td>&#8220;Rabindranath Tagore&#8221; &#8211; Kurs-Olesk, M[inni]<\/td><td><a href=\"\/nooreesti\/vaba-sona\/vaba-sona-i\/#vs-lk-45\">45<\/a><\/td><\/tr><tr><td>&#8220;Juhan Liivist&#8221; &#8211; -g<\/td><td><a href=\"\/nooreesti\/vaba-sona\/vaba-sona-i\/#vs-lk-47\">47<\/a><\/td><\/tr><tr><td>&#8220;Midagi ilust ja Anna Holmist&#8221; &#8211; Tammsaare, A[nton] H[ansen]<\/td><td><a href=\"\/nooreesti\/vaba-sona\/vaba-sona-i\/#vs-lk-49\">49<\/a><\/td><\/tr><tr><td>&#8220;Anatole France&#8221; &#8211; Andova, J<\/td><td><a href=\"\/nooreesti\/vaba-sona\/vaba-sona-i\/#vs-lk-52\">52<\/a><\/td><\/tr><tr><td>&#8220;Aino Kallas Lahkuvat laevade linn&#8221; &#8211; Semper, Johannes<\/td><td><a href=\"\/nooreesti\/vaba-sona\/vaba-sona-i\/#vs-lk-54\">54<\/a><\/td><\/tr><tr><td>&#8220;Noor-Eesti Rahvaraamatud&#8221; &#8211; Audova, J.<\/td><td><a href=\"\/nooreesti\/vaba-sona\/vaba-sona-i\/#vs-lk-56\">56<\/a><\/td><\/tr><tr><td>&#8220;Linnavalimised&#8221; &#8211; Olesk, L[ui]<\/td><td><a href=\"\/nooreesti\/vaba-sona\/vaba-sona-i\/#vs-lk-71\">71<\/a><\/td><\/tr><tr><td>&#8220;Inteligentlikust liikumisest meil&#8221; &#8211; Rubel, P.<\/td><td><a href=\"\/nooreesti\/vaba-sona\/vaba-sona-i\/#vs-lk-74\">74<\/a><\/td><\/tr><tr><td>&#8220;Kiri Kiirele&#8221; &#8211; Suits, Gustav<\/td><td><a href=\"\/nooreesti\/vaba-sona\/vaba-sona-i\/#vs-lk-78\">78<\/a><\/td><\/tr><tr><td>&#8220;Ernist Haeckeli 80. s\u00fcnnip\u00e4evaks&#8221; &#8211; Jans, Joh.<\/td><td><a href=\"\/nooreesti\/vaba-sona\/vaba-sona-i\/#vs-lk-85\">85<\/a><\/td><\/tr><tr><td>&#8220;\u00d5nne saar&#8221; &#8211; Tuglas, Friedebert<\/td><td><a href=\"\/nooreesti\/vaba-sona\/vaba-sona-i\/#vs-lk-89\">89<\/a><\/td><\/tr><tr><td>&#8220;Mul kannatlik, h\u00e4\u00e4 s\u00fcda on&#8221; &#8211; Liiv, Juhan<\/td><td><a href=\"\/nooreesti\/vaba-sona\/vaba-sona-i\/#vs-lk-91\">91<\/a><\/td><\/tr><tr><td>&#8220;Kaks m\u00e4lestusp\u00e4eva&#8221; &#8211; Linde, Bernhard<\/td><td><a href=\"\/nooreesti\/vaba-sona\/vaba-sona-i\/#vs-lk-92\">92<\/a><\/td><\/tr><tr><td>&#8220;Entusiasmi kultur&#8221; &#8211; Semper, Johannes<\/td><td><a href=\"\/nooreesti\/vaba-sona\/vaba-sona-i\/#vs-lk-96\">96<\/a><\/td><\/tr><tr><td>&#8220;Looduse imed&#8221; &#8211; Michelson, K.<\/td><td><a href=\"\/nooreesti\/vaba-sona\/vaba-sona-i\/#vs-lk-99\">99<\/a><\/td><\/tr><tr><td>&#8220;Noor-Eesti ja poliitilised r\u00fchmitused&#8221; &#8211; Linde, Bernhard<\/td><td><a href=\"\/nooreesti\/vaba-sona\/vaba-sona-i\/#vs-lk-123\">123<\/a><\/td><\/tr><tr><td>&#8220;Inteligentlikust liikumisest meil 2&#8221; &#8211; Rubel, P.<\/td><td><a href=\"\/nooreesti\/vaba-sona\/vaba-sona-i\/#vs-lk-127\">127<\/a><\/td><\/tr><tr><td>&#8220;Paremate aegade poole&#8221; &#8211; Tiderman, F.<\/td><td><a href=\"\/nooreesti\/vaba-sona\/vaba-sona-i\/#vs-lk-132\">132<\/a><\/td><\/tr><tr><td>&#8220;Alav\u00e4\u00e4rtuslised inimesed&#8221; &#8211; Jans, Joh.<\/td><td><a href=\"\/nooreesti\/vaba-sona\/vaba-sona-i\/#vs-lk-135\">135<\/a><\/td><\/tr><tr><td>&#8220;Loousteaduse rahvastamine&#8221; &#8211; Michelson, K.<\/td><td><a href=\"\/nooreesti\/vaba-sona\/vaba-sona-i\/#vs-lk-141\">141<\/a><\/td><\/tr><tr><td>&#8220;Demokraadid&#8221; &#8211; Suits, Gustav<\/td><td><a href=\"\/nooreesti\/vaba-sona\/vaba-sona-i\/#vs-lk-145\">145<\/a><\/td><\/tr><tr><td>&#8220;Meie kunsti-elu&#8221; &#8211; Stryk, Friedrich von<\/td><td><a href=\"\/nooreesti\/vaba-sona\/vaba-sona-i\/#vs-lk-146\">146<\/a><\/td><\/tr><tr><td>&#8220;Esteetiline k\u00e4\u00e4rimine&#8221; &#8211; Barbarus, J[ohannes]<\/td><td><a href=\"\/nooreesti\/vaba-sona\/vaba-sona-i\/#vs-lk-146\">146<\/a><\/td><\/tr><tr><td>&#8220;\u00dclevaade&#8221; &#8211; Tammsaare, A[nton] H[ansen]<\/td><td><a href=\"\/nooreesti\/vaba-sona\/vaba-sona-i\/#vs-lk-152\">152<\/a><\/td><\/tr><tr><td>&#8220;Alav\u00e4\u00e4rtuslised inimesed 2&#8221; &#8211; Jans, Joh.<\/td><td><a href=\"\/nooreesti\/vaba-sona\/vaba-sona-i\/#vs-lk-170\">170<\/a><\/td><\/tr><tr><td>&#8220;Karl Marxi Kapital rahvale&#8221; &#8211; Martnz, M.<\/td><td><a href=\"\/nooreesti\/vaba-sona\/vaba-sona-i\/#vs-lk-176\">176<\/a><\/td><\/tr><tr><td>&#8220;\u00dchiskondlik ja era hoolekandmine Prantsusmaal&#8221; &#8211; France A[natole]<\/td><td><a href=\"\/nooreesti\/vaba-sona\/vaba-sona-i\/#vs-lk-182\">182<\/a><\/td><\/tr><tr><td>&#8220;Alkohol ja vaimne elu&#8221; &#8211; Madisson, H.<\/td><td><a href=\"\/nooreesti\/vaba-sona\/vaba-sona-i\/#vs-lk-185\">185<\/a><\/td><\/tr><tr><td>&#8220;Tantsiv \u00f5petaja&#8221; &#8211; Guenther, J. von<\/td><td><a href=\"\/nooreesti\/vaba-sona\/vaba-sona-i\/#vs-lk-189\">189<\/a><\/td><\/tr><tr><td>&#8220;Esteetiline k\u00e4\u00e4rimine 2&#8221; &#8211; Barbarus, J[ohannes]<\/td><td><a href=\"\/nooreesti\/vaba-sona\/vaba-sona-i\/#vs-lk-191\">191<\/a><\/td><\/tr><tr><td>&#8220;\u00dclevaade&#8221; &#8211; Linde, Bernhard<\/td><td><a href=\"\/nooreesti\/vaba-sona\/vaba-sona-i\/#vs-lk-196\">196<\/a><\/td><\/tr><tr><td>&#8220;Inteligentlikust liikumisest meil 3&#8221; &#8211; Rubel, P.<\/td><td><a href=\"\/nooreesti\/vaba-sona\/vaba-sona-i\/#vs-lk-209\">209<\/a><\/td><\/tr><tr><td>&#8220;Alkoholi keeluseadustest&#8221; &#8211; Madisson, H.<\/td><td><a href=\"\/nooreesti\/vaba-sona\/vaba-sona-i\/#vs-lk-217\">217<\/a><\/td><\/tr><tr><td>&#8220;V\u00f5itlus ilmavaate p\u00e4rast&#8221; &#8211; Jans, Joh.<\/td><td><a href=\"\/nooreesti\/vaba-sona\/vaba-sona-i\/#vs-lk-220\">220<\/a><\/td><\/tr><tr><td>&#8220;Hoiatus ja soov&#8221; &#8211; Suits, Gustav<\/td><td><a href=\"\/nooreesti\/vaba-sona\/vaba-sona-i\/#vs-lk-227\">227<\/a><\/td><\/tr><tr><td>&#8220;Kuninga-unen\u00e4gu&#8221; &#8211;<\/td><td><a href=\"\/nooreesti\/vaba-sona\/vaba-sona-i\/#vs-lk-228\">228<\/a><\/td><\/tr><tr><td>&#8220;Juhan Luiga Noor Eesti ja sofros\u00fcne&#8221; &#8211; Suits, Gustav<\/td><td><a href=\"\/nooreesti\/vaba-sona\/vaba-sona-i\/#vs-lk-231\">231<\/a><\/td><\/tr><tr><td>&#8220;Vanemuise kriisis&#8221; &#8211; Rubel, P.<\/td><td><a href=\"\/nooreesti\/vaba-sona\/vaba-sona-i\/#vs-lk-243\">243<\/a><\/td><\/tr><tr><td>&#8220;Inimlisest vabadusest&#8221; &#8211; Jans, Joh.<\/td><td><a href=\"\/nooreesti\/vaba-sona\/vaba-sona-i\/#vs-lk-256\">256<\/a><\/td><\/tr><tr><td>&#8220;\u00dcrginimene&#8221; &#8211; Barbarus, J[ohannes]<\/td><td><a href=\"\/nooreesti\/vaba-sona\/vaba-sona-i\/#vs-lk-259\">259<\/a><\/td><\/tr><tr><td>&#8220;Maurice Maeterlinck&#8221; &#8211; Reben, A.<\/td><td><a href=\"\/nooreesti\/vaba-sona\/vaba-sona-i\/#vs-lk-260\">260<\/a><\/td><\/tr><tr><td>&#8220;Luule kui askus (n\u00f5iatus)&#8221; &#8211; Barbarus, J[ohannes]<\/td><td><a href=\"\/nooreesti\/vaba-sona\/vaba-sona-i\/#vs-lk-267\">267<\/a><\/td><\/tr><tr><td>&#8220;Tuglase, Liivakell&#8221; &#8211; Suits, Gustav<\/td><td><a href=\"\/nooreesti\/vaba-sona\/vaba-sona-i\/#vs-lk-272\">272<\/a><\/td><\/tr><tr><td>&#8220;Pr\u00e4egune s\u00f5da&#8221; &#8211; Linde, Bernhard<\/td><td><a href=\"\/nooreesti\/vaba-sona\/vaba-sona-i\/#vs-lk-279\">279<\/a><\/td><\/tr><tr><td>&#8220;Preisimaa poolvaenulik s\u00f5da&#8221; &#8211; Kruus, H.<\/td><td><a href=\"\/nooreesti\/vaba-sona\/vaba-sona-i\/#vs-lk-282\">282<\/a><\/td><\/tr><tr><td>&#8220;Sotsialism ja karsklus&#8221; &#8211; Martnz, M.<\/td><td><a href=\"\/nooreesti\/vaba-sona\/vaba-sona-i\/#vs-lk-289\">289<\/a><\/td><\/tr><tr><td>&#8220;Baltimaa omavalitsuse korralduse katsestest 19. sajandi esimesel poolel&#8221; &#8211; Eliaser, R.<\/td><td><a href=\"\/nooreesti\/vaba-sona\/vaba-sona-i\/#vs-lk-299\">299<\/a><\/td><\/tr><tr><td>&#8220;Inteligentlikust liikumisest meil 4&#8221; &#8211; Rubel, P.<\/td><td><a href=\"\/nooreesti\/vaba-sona\/vaba-sona-i\/#vs-lk-304\">304<\/a><\/td><\/tr><tr><td>&#8220;Maurice Maeterlinck&#8221; &#8211; Tuglas, Friedebert<\/td><td><a href=\"\/nooreesti\/vaba-sona\/vaba-sona-i\/#vs-lk-313\">313<\/a><\/td><\/tr><tr><td>&#8220;K\u00e4esolev s\u00f5da, tema p\u00f5hjused ja tagaj\u00e4rjed&#8221; &#8211; Pabo, R.<\/td><td><a href=\"\/nooreesti\/vaba-sona\/vaba-sona-i\/#vs-lk-331\">331<\/a><\/td><\/tr><tr><td>&#8220;Inteligentlikust liikumisest meil 5&#8221; &#8211; Kruus, H.<\/td><td><a href=\"\/nooreesti\/vaba-sona\/vaba-sona-i\/#vs-lk-339\">339<\/a><\/td><\/tr><tr><td>&#8220;Malm\u00f6 n\u00e4itusel&#8221; &#8211; Suits, Gustav<\/td><td><a href=\"\/nooreesti\/vaba-sona\/vaba-sona-i\/#vs-lk-357\">357<\/a><\/td><\/tr><tr><td>&#8220;Minu m\u00e4lestussamba avamine&#8221; &#8211;<\/td><td><a href=\"\/nooreesti\/vaba-sona\/vaba-sona-i\/#vs-lk-365\">365<\/a><\/td><\/tr><tr><td>&#8220;Kirjandusline \u00fclevaade&#8221; &#8211; Linde, Bernhard<\/td><td><a href=\"\/nooreesti\/vaba-sona\/vaba-sona-i\/#vs-lk-372\">372<\/a><\/td><\/tr><tr><td>&#8220;S\u00f5da ja saksa poliitika&#8221; &#8211; Eliaser, R.<\/td><td><a href=\"\/nooreesti\/vaba-sona\/vaba-sona-i\/#vs-lk-385\">385<\/a><\/td><\/tr><tr><td>&#8220;Inteligentlikust liikumisest meil 6&#8221; &#8211; Rubel, P.<\/td><td><a href=\"\/nooreesti\/vaba-sona\/vaba-sona-i\/#vs-lk-394\">394<\/a><\/td><\/tr><tr><td>&#8220;Kohtu-uuendus Vene ja Baltimaal&#8221; &#8211; Einbound, K.<\/td><td><a href=\"\/nooreesti\/vaba-sona\/vaba-sona-i\/#vs-lk-403\">403<\/a><\/td><\/tr><tr><td>&#8220;Sundusline ja vabatahteline karsklus&#8221; &#8211; Kirkmann, Joh.<\/td><td><a href=\"\/nooreesti\/vaba-sona\/vaba-sona-i\/#vs-lk-411\">411<\/a><\/td><\/tr><tr><td>&#8220;Popi j Huhuu&#8221; &#8211; Tuglas, Friedebert<\/td><td><a href=\"\/nooreesti\/vaba-sona\/vaba-sona-i\/#vs-lk-415\">415<\/a><\/td><\/tr><tr><td>&#8220;Eesti drama 1913. aastal&#8221; &#8211; Linde, Bernhard<\/td><td><a href=\"\/nooreesti\/vaba-sona\/vaba-sona-i\/#vs-lk-429\">429<\/a><\/td><\/tr><tr><td>&#8220;Jutt mungast, Maarija maaliast&#8221; &#8211; Tas[s]a, Aleksander<\/td><td><a href=\"\/nooreesti\/vaba-sona\/vaba-sona-i\/#vs-lk-436\">436<\/a><\/td><\/tr><tr><td>&#8220;Poiss ja liblik&#8221; &#8211; Tammsaare, A[nton] H[ansen]<\/td><td><a href=\"\/nooreesti\/vaba-sona\/vaba-sona-i\/#vs-lk-440\">440<\/a><\/td><\/tr><tr><td>&#8220;Liikumata tunnid&#8221; &#8211; Semper, Johannes<\/td><td><a href=\"\/nooreesti\/vaba-sona\/vaba-sona-i\/#vs-lk-441\">441<\/a><\/td><\/tr><tr><td>&#8220;Meie poliitika&#8221; &#8211; a-<\/td><td><a href=\"http:\/\/167\">167<\/a><\/td><\/tr><tr><td>&#8220;\u00dchiseluline romantika&#8221; &#8211; -a-<\/td><td><a href=\"\/nooreesti\/vaba-sona\/vaba-sona-i\/#vs-lk-207\">207<\/a><\/td><\/tr><tr><td>&#8220;\u00dclevaade&#8221; &#8211; J-A-S<\/td><td><a href=\"\/nooreesti\/vaba-sona\/vaba-sona-i\/#vs-lk-271\">271<\/a><\/td><\/tr><\/tbody><\/table><\/figure>\n","protected":false},"excerpt":{"rendered":"<p>Pealkiri lk &#8220;Eesti kodanlise koorekihi t\u00f5usutusad&#8221; &#8211; -n- 14 &#8220;E, Juhanson&#8221; &#8211; Juhanson, E 24 &#8220;L\u00f5he sotsialdemokratilises fraktsionis&#8221; &#8211; V.D. 36 &#8220;Alfred Russel Wallac ja darwinismus&#8221; &#8211; Jans, Joh. 42 &#8220;Rabindranath Tagore&#8221; &#8211; Kurs-Olesk, M[inni] 45 &#8220;Juhan Liivist&#8221; &#8211; -g 47 &#8220;Midagi ilust ja Anna Holmist&#8221; &#8211; Tammsaare, A[nton] H[ansen] 49 &#8220;Anatole France&#8221; &#8211; Andova, [&hellip;]<\/p>\n","protected":false},"author":1,"featured_media":0,"parent":1332,"menu_order":0,"comment_status":"closed","ping_status":"closed","template":"","meta":[],"yoast_head":"<!-- This site is optimized with the Yoast SEO plugin v14.2 - https:\/\/yoast.com\/wordpress\/plugins\/seo\/ -->\n<meta name=\"robots\" content=\"index, follow\" \/>\n<meta name=\"googlebot\" content=\"index, follow, max-snippet:-1, max-image-preview:large, max-video-preview:-1\" \/>\n<meta name=\"bingbot\" content=\"index, follow, max-snippet:-1, max-image-preview:large, max-video-preview:-1\" \/>\n<link rel=\"canonical\" href=\"https:\/\/www.kirmus.ee\/nooreesti\/vaba-sona\/vaba-sona-i\/sisukord\/\" \/>\n<meta property=\"og:locale\" content=\"en_US\" \/>\n<meta property=\"og:type\" content=\"article\" \/>\n<meta property=\"og:title\" content=\"Sisukord - Noor-Eesti\" \/>\n<meta property=\"og:description\" content=\"Pealkiri lk &#8220;Eesti kodanlise koorekihi t\u00f5usutusad&#8221; &#8211; -n- 14 &#8220;E, Juhanson&#8221; &#8211; Juhanson, E 24 &#8220;L\u00f5he sotsialdemokratilises fraktsionis&#8221; &#8211; V.D. 36 &#8220;Alfred Russel Wallac ja darwinismus&#8221; &#8211; Jans, Joh. 42 &#8220;Rabindranath Tagore&#8221; &#8211; Kurs-Olesk, M[inni] 45 &#8220;Juhan Liivist&#8221; &#8211; -g 47 &#8220;Midagi ilust ja Anna Holmist&#8221; &#8211; Tammsaare, A[nton] H[ansen] 49 &#8220;Anatole France&#8221; &#8211; Andova, [&hellip;]\" \/>\n<meta property=\"og:url\" content=\"https:\/\/www.kirmus.ee\/nooreesti\/vaba-sona\/vaba-sona-i\/sisukord\/\" \/>\n<meta property=\"og:site_name\" content=\"Noor-Eesti\" \/>\n<meta property=\"article:modified_time\" content=\"2020-06-12T09:16:49+00:00\" \/>\n<meta name=\"twitter:card\" content=\"summary_large_image\" \/>\n<script type=\"application\/ld+json\" class=\"yoast-schema-graph\">{\"@context\":\"https:\/\/schema.org\",\"@graph\":[{\"@type\":\"WebSite\",\"@id\":\"https:\/\/www.kirmus.ee\/nooreesti\/#website\",\"url\":\"https:\/\/www.kirmus.ee\/nooreesti\/\",\"name\":\"Noor-Eesti\",\"description\":\"&quot;OLGEM EESTLASED, AGA SAAGEM KA EUROOPLASTEKS!&quot;\",\"potentialAction\":[{\"@type\":\"SearchAction\",\"target\":\"https:\/\/www.kirmus.ee\/nooreesti\/?s={search_term_string}\",\"query-input\":\"required name=search_term_string\"}],\"inLanguage\":\"en-US\"},{\"@type\":\"WebPage\",\"@id\":\"https:\/\/www.kirmus.ee\/nooreesti\/vaba-sona\/vaba-sona-i\/sisukord\/#webpage\",\"url\":\"https:\/\/www.kirmus.ee\/nooreesti\/vaba-sona\/vaba-sona-i\/sisukord\/\",\"name\":\"Sisukord - Noor-Eesti\",\"isPartOf\":{\"@id\":\"https:\/\/www.kirmus.ee\/nooreesti\/#website\"},\"datePublished\":\"2020-06-11T14:07:01+00:00\",\"dateModified\":\"2020-06-12T09:16:49+00:00\",\"breadcrumb\":{\"@id\":\"https:\/\/www.kirmus.ee\/nooreesti\/vaba-sona\/vaba-sona-i\/sisukord\/#breadcrumb\"},\"inLanguage\":\"en-US\",\"potentialAction\":[{\"@type\":\"ReadAction\",\"target\":[\"https:\/\/www.kirmus.ee\/nooreesti\/vaba-sona\/vaba-sona-i\/sisukord\/\"]}]},{\"@type\":\"BreadcrumbList\",\"@id\":\"https:\/\/www.kirmus.ee\/nooreesti\/vaba-sona\/vaba-sona-i\/sisukord\/#breadcrumb\",\"itemListElement\":[{\"@type\":\"ListItem\",\"position\":1,\"item\":{\"@type\":\"WebPage\",\"@id\":\"https:\/\/www.kirmus.ee\/nooreesti\/\",\"url\":\"https:\/\/www.kirmus.ee\/nooreesti\/\",\"name\":\"Avaleht\"}},{\"@type\":\"ListItem\",\"position\":2,\"item\":{\"@type\":\"WebPage\",\"@id\":\"https:\/\/www.kirmus.ee\/nooreesti\/vaba-sona\/\",\"url\":\"https:\/\/www.kirmus.ee\/nooreesti\/vaba-sona\/\",\"name\":\"Vaba-S\\u00f5na\"}},{\"@type\":\"ListItem\",\"position\":3,\"item\":{\"@type\":\"WebPage\",\"@id\":\"https:\/\/www.kirmus.ee\/nooreesti\/vaba-sona\/vaba-sona-i\/\",\"url\":\"https:\/\/www.kirmus.ee\/nooreesti\/vaba-sona\/vaba-sona-i\/\",\"name\":\"Vaba S\\u00f5na I\"}},{\"@type\":\"ListItem\",\"position\":4,\"item\":{\"@type\":\"WebPage\",\"@id\":\"https:\/\/www.kirmus.ee\/nooreesti\/vaba-sona\/vaba-sona-i\/sisukord\/\",\"url\":\"https:\/\/www.kirmus.ee\/nooreesti\/vaba-sona\/vaba-sona-i\/sisukord\/\",\"name\":\"Sisukord\"}}]}]}<\/script>\n<!-- \/ Yoast SEO plugin. -->","_links":{"self":[{"href":"https:\/\/www.kirmus.ee\/nooreesti\/wp-json\/wp\/v2\/pages\/1338"}],"collection":[{"href":"https:\/\/www.kirmus.ee\/nooreesti\/wp-json\/wp\/v2\/pages"}],"about":[{"href":"https:\/\/www.kirmus.ee\/nooreesti\/wp-json\/wp\/v2\/types\/page"}],"author":[{"embeddable":true,"href":"https:\/\/www.kirmus.ee\/nooreesti\/wp-json\/wp\/v2\/users\/1"}],"replies":[{"embeddable":true,"href":"https:\/\/www.kirmus.ee\/nooreesti\/wp-json\/wp\/v2\/comments?post=1338"}],"version-history":[{"count":5,"href":"https:\/\/www.kirmus.ee\/nooreesti\/wp-json\/wp\/v2\/pages\/1338\/revisions"}],"predecessor-version":[{"id":1355,"href":"https:\/\/www.kirmus.ee\/nooreesti\/wp-json\/wp\/v2\/pages\/1338\/revisions\/1355"}],"up":[{"embeddable":true,"href":"https:\/\/www.kirmus.ee\/nooreesti\/wp-json\/wp\/v2\/pages\/1332"}],"wp:attachment":[{"href":"https:\/\/www.kirmus.ee\/nooreesti\/wp-json\/wp\/v2\/media?parent=1338"}],"curies":[{"name":"wp","href":"https:\/\/api.w.org\/{rel}","templated":true}]}}