{"id":1339,"date":"2020-06-11T14:07:02","date_gmt":"2020-06-11T14:07:02","guid":{"rendered":"https:\/\/www.kirmus.ee\/nooreesti\/?page_id=1339"},"modified":"2020-06-12T10:37:05","modified_gmt":"2020-06-12T10:37:05","slug":"sisukord","status":"publish","type":"page","link":"https:\/\/www.kirmus.ee\/nooreesti\/vaba-sona\/vaba-sona-ii\/sisukord\/","title":{"rendered":"Sisukord"},"content":{"rendered":"\n<figure class=\"wp-block-table is-style-stripes\"><table><tbody><tr><td><strong>Pealkiri<\/strong><\/td><td><strong>lk<\/strong><\/td><\/tr><tr><td>&#8220;Ballil &#8221; &#8211; Visnapuu, H[enrik]<\/td><td><a href=\"\/nooreesti\/vaba-sona\/vaba-sona-ii\/#vs-lk2-2\">2<\/a><\/td><\/tr><tr><td>&#8220;S\u00f5jakutse ideoloogia&#8221; &#8211; Einbound, K.<\/td><td><a href=\"\/nooreesti\/vaba-sona\/vaba-sona-ii\/#vs-lk2-11\">11<\/a><\/td><\/tr><tr><td>&#8220;Eesti naiivne kosmopolitim ja rahvulus&#8221; &#8211; Vilms, J<\/td><td><a href=\"\/nooreesti\/vaba-sona\/vaba-sona-ii\/#vs-lk2-20\">20<\/a><\/td><\/tr><tr><td>&#8220;Meie \u00fchistegevus ja rahvaelu&#8221; &#8211; Olesk, L[ui]<\/td><td><a href=\"\/nooreesti\/vaba-sona\/vaba-sona-ii\/#vs-lk2-29\">29<\/a><\/td><\/tr><tr><td>&#8220;Filosoofilised kirjad&#8221; &#8211; Semper, Johannes<\/td><td><a href=\"\/nooreesti\/vaba-sona\/vaba-sona-ii\/#vs-lk2-33\">33<\/a><\/td><\/tr><tr><td>&#8220;Kesk aegade viirastust luuletaja&#8221; &#8211; Heiberg, Marie<\/td><td><a href=\"\/nooreesti\/vaba-sona\/vaba-sona-ii\/#vs-lk2-38\">38<\/a><\/td><\/tr><tr><td>&#8220;T\u00f5utervendus Eestis&#8221; &#8211;<\/td><td><a href=\"\/nooreesti\/vaba-sona\/vaba-sona-ii\/#vs-lk2-62\">62<\/a><\/td><\/tr><tr><td>&#8220;Inteligentlikust liikumisest meil&#8221; &#8211; Rubel, P.<\/td><td><a href=\"\/nooreesti\/vaba-sona\/vaba-sona-ii\/#vs-lk2-68\">68<\/a><\/td><\/tr><tr><td>&#8220;Eduard Wilde&#8221; &#8211;<\/td><td><a href=\"\/nooreesti\/vaba-sona\/vaba-sona-ii\/#vs-lk2-73\">73<\/a><\/td><\/tr><tr><td>&#8220;Kesk aegade viirastust luuletaja2&#8221; &#8211; Heiberg, Marie<\/td><td><a href=\"\/nooreesti\/vaba-sona\/vaba-sona-ii\/#vs-lk2-75\">75<\/a><\/td><\/tr><tr><td>&#8220;Saksa luuletajad ja s\u00f5da&#8221; &#8211; Martna, M.<\/td><td><a href=\"\/nooreesti\/vaba-sona\/vaba-sona-ii\/#vs-lk2-76\">76<\/a><\/td><\/tr><tr><td>&#8220;Kirjanduse \u00fclevaade&#8221; &#8211; Jans, Joh.<\/td><td><a href=\"\/nooreesti\/vaba-sona\/vaba-sona-ii\/#vs-lk2-85\">85<\/a><\/td><\/tr><tr><td>&#8220;Rahvuspoliitika rahvameelses eeskavas&#8221; &#8211; Laaman, E<\/td><td><a href=\"\/nooreesti\/vaba-sona\/vaba-sona-ii\/#vs-lk2-91\">91<\/a><\/td><\/tr><tr><td>&#8220;Inteligentlikust liikumisest meil&#8221; &#8211; Rubel, P.<\/td><td><a href=\"\/nooreesti\/vaba-sona\/vaba-sona-ii\/#vs-lk2-95\">95<\/a><\/td><\/tr><tr><td>&#8220;Rahvuslik assimileerimine linnades&#8221; &#8211; Kruus, H.<\/td><td><a href=\"\/nooreesti\/vaba-sona\/vaba-sona-ii\/#vs-lk2-108\">108<\/a><\/td><\/tr><tr><td>&#8220;T\u00f6\u00f6 ja energia&#8221; &#8211; Kogermann, P.<\/td><td><a href=\"\/nooreesti\/vaba-sona\/vaba-sona-ii\/#vs-lk2-112\">112<\/a><\/td><\/tr><tr><td>&#8220;Felix Ormussoni p\u00e4evaraamatust&#8221; &#8211; Tuglas, Friedebert<\/td><td><a href=\"\/nooreesti\/vaba-sona\/vaba-sona-ii\/#vs-lk2-123\">123<\/a><\/td><\/tr><tr><td>&#8220;\u00d5ised tuuled&#8221; &#8211; Semper, Johannes<\/td><td><a href=\"\/nooreesti\/vaba-sona\/vaba-sona-ii\/#vs-lk2-125\">125<\/a><\/td><\/tr><tr><td>&#8220;Edvard Munch&#8221; &#8211; Linde, Bernhard<\/td><td><a href=\"\/nooreesti\/vaba-sona\/vaba-sona-ii\/#vs-lk2-126\">126<\/a><\/td><\/tr><tr><td>&#8220;Intuistioonid tuuledest&#8221; &#8211; Visnapuu, H[enrik]<\/td><td><a href=\"\/nooreesti\/vaba-sona\/vaba-sona-ii\/#vs-lk2-135\">135<\/a><\/td><\/tr><tr><td>&#8220;\u00dcks moodne hing&#8221; &#8211; Vardi, S.<\/td><td><a href=\"\/nooreesti\/vaba-sona\/vaba-sona-ii\/#vs-lk2-137\">137<\/a><\/td><\/tr><tr><td>&#8220;M\u00f5ned m\u00f5tted kunsti kohta&#8221; &#8211; Jans, Joh.<\/td><td><a href=\"\/nooreesti\/vaba-sona\/vaba-sona-ii\/#vs-lk2-143\">143<\/a><\/td><\/tr><tr><td>&#8220;Kirjanduse \u00fclevaade&#8221; &#8211; Semper, Johannes<\/td><td><a href=\"\/nooreesti\/vaba-sona\/vaba-sona-ii\/#vs-lk2-152\">152<\/a><\/td><\/tr><tr><td>&#8220;Eesti rahvuspoliitika&#8221; &#8211; Vilms, J<\/td><td><a href=\"\/nooreesti\/vaba-sona\/vaba-sona-ii\/#vs-lk2-159\">159<\/a><\/td><\/tr><tr><td>&#8220;Kurit\u00f6\u00f6 ja karistus&#8221; &#8211; R\u00e4go, R.<\/td><td><a href=\"\/nooreesti\/vaba-sona\/vaba-sona-ii\/#vs-lk2-167\">167<\/a><\/td><\/tr><tr><td>&#8220;Meie k\u00f5ige uuemast naiskirjandusest&#8221; &#8211; Suits, Gustav<\/td><td><a href=\"\/nooreesti\/vaba-sona\/vaba-sona-ii\/#vs-lk2-174\">174<\/a><\/td><\/tr><tr><td>&#8220;Dr. M. Weske&#8221; &#8211; Aavik, Joh[annes]<\/td><td><a href=\"\/nooreesti\/vaba-sona\/vaba-sona-ii\/#vs-lk2-184\">184<\/a><\/td><\/tr><tr><td>&#8220;Theodor Altermann&#8221; &#8211; Linde, Bernhard<\/td><td><a href=\"\/nooreesti\/vaba-sona\/vaba-sona-ii\/#vs-lk2-185\">185<\/a><\/td><\/tr><tr><td>&#8220;A. N. Skrjabin&#8221; &#8211; Semper, Johannes<\/td><td><a href=\"\/nooreesti\/vaba-sona\/vaba-sona-ii\/#vs-lk2-187\">187<\/a><\/td><\/tr><tr><td>&#8220;Vanemuine&#8221; &#8211; Juhanson, E<\/td><td><a href=\"\/nooreesti\/vaba-sona\/vaba-sona-ii\/#vs-lk2-195\">195<\/a><\/td><\/tr><tr><td>&#8220;Meie haritlaste saatus&#8221; &#8211; Jans, Joh.<\/td><td><a href=\"\/nooreesti\/vaba-sona\/vaba-sona-ii\/#vs-lk2-199\">199<\/a><\/td><\/tr><tr><td>&#8220;Sotsialism ja rahvusk\u00fcsimus&#8221; &#8211; Kruus, H.<\/td><td><a href=\"\/nooreesti\/vaba-sona\/vaba-sona-ii\/#vs-lk2-205\">205<\/a><\/td><\/tr><tr><td>&#8220;Eesti keel 1914. aastal&#8221; &#8211; Semper, Johannes<\/td><td><a href=\"\/nooreesti\/vaba-sona\/vaba-sona-ii\/#vs-lk2-209\">209<\/a><\/td><\/tr><tr><td>&#8220;Tahaks j\u00e4lle&#8221; &#8211; Visnapuu, H[enrik]<\/td><td><a href=\"\/nooreesti\/vaba-sona\/vaba-sona-ii\/#vs-lk2-213\">213<\/a><\/td><\/tr><tr><td>&#8220;Psyche&#8221; &#8211; Tammsaare, A[nton] H[ansen]<\/td><td><a href=\"\/nooreesti\/vaba-sona\/vaba-sona-ii\/#vs-lk2-214\">214<\/a><\/td><\/tr><tr><td>&#8220;Seletuseks&#8221; &#8211; Tuglas, Friedebert<\/td><td><a href=\"\/nooreesti\/vaba-sona\/vaba-sona-ii\/#vs-lk2-223\">223<\/a><\/td><\/tr><tr><td>&#8220;Kirjanduse \u00fclevaade&#8221; &#8211; Juhanson, E<\/td><td><a href=\"\/nooreesti\/vaba-sona\/vaba-sona-ii\/#vs-lk2-224\">224<\/a><\/td><\/tr><tr><td>&#8220;V\u00f5itlus Konstantinoopoli p\u00e4rast&#8221; &#8211; M.M<\/td><td><a href=\"\/nooreesti\/vaba-sona\/vaba-sona-ii\/#vs-lk2-231\">231<\/a><\/td><\/tr><tr><td>&#8220;Enam keha-kultuuri&#8221; &#8211; Keerdo, P[aul]<\/td><td><a href=\"\/nooreesti\/vaba-sona\/vaba-sona-ii\/#vs-lk2-242\">242<\/a><\/td><\/tr><tr><td>&#8220;Filosoofilised kirjad&#8221; &#8211; Semper, Johannes<\/td><td><a href=\"\/nooreesti\/vaba-sona\/vaba-sona-ii\/#vs-lk2-246\">246<\/a><\/td><\/tr><tr><td>&#8220;Vaade 1914. a. kirjanduslikku arenemisse&#8221; &#8211; Linde, Bernhard<\/td><td><a href=\"\/nooreesti\/vaba-sona\/vaba-sona-ii\/#vs-lk2-251\">251<\/a><\/td><\/tr><tr><td>&#8220;Ebam\u00e4\u00e4rane&#8221; &#8211; Vardi, S.<\/td><td><a href=\"\/nooreesti\/vaba-sona\/vaba-sona-ii\/#vs-lk2-259\">259<\/a><\/td><\/tr><tr><td>&#8220;Uur&#8221; &#8211; Aavik, Joh[annes]<\/td><td><a href=\"\/nooreesti\/vaba-sona\/vaba-sona-ii\/#vs-lk2-261\">261<\/a><\/td><\/tr><tr><td>&#8220;Noor-Eesti 5.&#8221; &#8211; Tammsaare, A[nton] H[ansen]<\/td><td><a href=\"\/nooreesti\/vaba-sona\/vaba-sona-ii\/#vs-lk2-262\">262<\/a><\/td><\/tr><tr><td>&#8220;Verele ja merele &#8221; &#8211; Visnapuu, H[enrik]<\/td><td><a href=\"\/nooreesti\/vaba-sona\/vaba-sona-ii\/#vs-lk2-269\">269<\/a><\/td><\/tr><tr><td>&#8220;Sclavus saltans&#8221; &#8211; Konopnicka, M.<\/td><td><a href=\"\/nooreesti\/vaba-sona\/vaba-sona-ii\/#vs-lk2-269\">269<\/a><\/td><\/tr><tr><td>&#8220;Kurbus mul jumal&#8221; &#8211; Alle, August<\/td><td><a href=\"\/nooreesti\/vaba-sona\/vaba-sona-ii\/#vs-lk2-271\">271<\/a><\/td><\/tr><tr><td>&#8220;Kurit\u00f6\u00f6&#8221; &#8211; Gustavson, O.<\/td><td><a href=\"\/nooreesti\/vaba-sona\/vaba-sona-ii\/#vs-lk2-272\">272<\/a><\/td><\/tr><tr><td>&#8220;Maaomawalitsuse uuenduskatsed Eestis&#8221; &#8211; Vilms, J<\/td><td><a href=\"\/nooreesti\/vaba-sona\/vaba-sona-ii\/#vs-lk2-283\">283<\/a><\/td><\/tr><tr><td>&#8220;Meie rahvuslased sirbi ja saha taga&#8221; &#8211; Kruus, H.<\/td><td><a href=\"\/nooreesti\/vaba-sona\/vaba-sona-ii\/#vs-lk2-289\">289<\/a><\/td><\/tr><tr><td>&#8220;Ridala kauged rannad&#8221; &#8211; Semper, Johannes<\/td><td><a href=\"\/nooreesti\/vaba-sona\/vaba-sona-ii\/#vs-lk2-293\">293<\/a><\/td><\/tr><tr><td>&#8220;Armastus&#8221; &#8211; Martinson, K.<\/td><td><a href=\"\/nooreesti\/vaba-sona\/vaba-sona-ii\/#vs-lk2-299\">299<\/a><\/td><\/tr><tr><td>&#8220;Proosaluuletus ahjus k\u00fcpsetatud lihatoitudest&#8221; &#8211; Visnapuu, H[enrik]<\/td><td><a href=\"\/nooreesti\/vaba-sona\/vaba-sona-ii\/#vs-lk2-303\">303<\/a><\/td><\/tr><tr><td>&#8220;Noorus ja vanadus&#8221; &#8211; Kruus, H.<\/td><td><a href=\"\/nooreesti\/vaba-sona\/vaba-sona-ii\/#vs-lk2-313\">313<\/a><\/td><\/tr><tr><td>&#8220;Sotsialistlikust Internatsionaalist&#8221; &#8211; Martna, M.<\/td><td><a href=\"\/nooreesti\/vaba-sona\/vaba-sona-ii\/#vs-lk2-319\">319<\/a><\/td><\/tr><tr><td>&#8220;August Kitzberg ajaloolisena ja kaasaeglasena&#8221; &#8211; Visnapuu, H[enrik]<\/td><td><a href=\"\/nooreesti\/vaba-sona\/vaba-sona-ii\/#vs-lk2-355\">335<\/a><\/td><\/tr><tr><td>&#8220;A. Kitzbergi 60. s\u00fcnnip\u00e4eval&#8221; &#8211; Tammsaare, A[nton] H[ansen]<\/td><td><a href=\"\/nooreesti\/vaba-sona\/vaba-sona-ii\/#vs-lk2-342\">342<\/a><\/td><\/tr><tr><td>&#8220;Maailma l\u00f5pus&#8221; &#8211; Tuglas, Friedebert<\/td><td><a href=\"\/nooreesti\/vaba-sona\/vaba-sona-ii\/#vs-lk2-346\">346<\/a><\/td><\/tr><tr><td>&#8220;Hobused&#8221; &#8211; Heiberg, Marie<\/td><td><a href=\"\/nooreesti\/vaba-sona\/vaba-sona-ii\/#vs-lk2-355\">355<\/a><\/td><\/tr><tr><td>&#8220;Eesti \u00fchiskondlik m\u00f5te 1915. aastal&#8221; &#8211; Kruus, H.<\/td><td><a href=\"\/nooreesti\/vaba-sona\/vaba-sona-ii\/#vs-lk2-363\">363<\/a><\/td><\/tr><tr><td>&#8220;Maaomawalitsuse uuenduskatsed Eestis&#8221; &#8211; Vilms, J<\/td><td><a href=\"\/nooreesti\/vaba-sona\/vaba-sona-ii\/#vs-lk2-369\">369<\/a><\/td><\/tr><tr><td>&#8220;Olluse ehitusest&#8221; &#8211; Kogermann, P.<\/td><td><a href=\"\/nooreesti\/vaba-sona\/vaba-sona-ii\/#vs-lk2-373\">373<\/a><\/td><\/tr><tr><td>&#8220;Richard Rohk&#8221; &#8211; Visnapuu, H[enrik]<\/td><td><a href=\"\/nooreesti\/vaba-sona\/vaba-sona-ii\/#vs-lk2-380\">380<\/a><\/td><\/tr><tr><td>&#8220;Toolipunujanna&#8221; &#8211; Martinson, K.<\/td><td><a href=\"\/nooreesti\/vaba-sona\/vaba-sona-ii\/#vs-lk2-389\">389<\/a><\/td><\/tr><\/tbody><\/table><\/figure>\n","protected":false},"excerpt":{"rendered":"<p>Pealkiri lk &#8220;Ballil &#8221; &#8211; Visnapuu, H[enrik] 2 &#8220;S\u00f5jakutse ideoloogia&#8221; &#8211; Einbound, K. 11 &#8220;Eesti naiivne kosmopolitim ja rahvulus&#8221; &#8211; Vilms, J 20 &#8220;Meie \u00fchistegevus ja rahvaelu&#8221; &#8211; Olesk, L[ui] 29 &#8220;Filosoofilised kirjad&#8221; &#8211; Semper, Johannes 33 &#8220;Kesk aegade viirastust luuletaja&#8221; &#8211; Heiberg, Marie 38 &#8220;T\u00f5utervendus Eestis&#8221; &#8211; 62 &#8220;Inteligentlikust liikumisest meil&#8221; &#8211; Rubel, P. [&hellip;]<\/p>\n","protected":false},"author":1,"featured_media":0,"parent":1333,"menu_order":0,"comment_status":"closed","ping_status":"closed","template":"","meta":[],"yoast_head":"<!-- This site is optimized with the Yoast SEO plugin v14.2 - https:\/\/yoast.com\/wordpress\/plugins\/seo\/ -->\n<meta name=\"robots\" content=\"index, follow\" \/>\n<meta name=\"googlebot\" content=\"index, follow, max-snippet:-1, max-image-preview:large, max-video-preview:-1\" \/>\n<meta name=\"bingbot\" content=\"index, follow, max-snippet:-1, max-image-preview:large, max-video-preview:-1\" \/>\n<link rel=\"canonical\" href=\"https:\/\/www.kirmus.ee\/nooreesti\/vaba-sona\/vaba-sona-ii\/sisukord\/\" \/>\n<meta property=\"og:locale\" content=\"en_US\" \/>\n<meta property=\"og:type\" content=\"article\" \/>\n<meta property=\"og:title\" content=\"Sisukord - Noor-Eesti\" \/>\n<meta property=\"og:description\" content=\"Pealkiri lk &#8220;Ballil &#8221; &#8211; Visnapuu, H[enrik] 2 &#8220;S\u00f5jakutse ideoloogia&#8221; &#8211; Einbound, K. 11 &#8220;Eesti naiivne kosmopolitim ja rahvulus&#8221; &#8211; Vilms, J 20 &#8220;Meie \u00fchistegevus ja rahvaelu&#8221; &#8211; Olesk, L[ui] 29 &#8220;Filosoofilised kirjad&#8221; &#8211; Semper, Johannes 33 &#8220;Kesk aegade viirastust luuletaja&#8221; &#8211; Heiberg, Marie 38 &#8220;T\u00f5utervendus Eestis&#8221; &#8211; 62 &#8220;Inteligentlikust liikumisest meil&#8221; &#8211; Rubel, P. [&hellip;]\" \/>\n<meta property=\"og:url\" content=\"https:\/\/www.kirmus.ee\/nooreesti\/vaba-sona\/vaba-sona-ii\/sisukord\/\" \/>\n<meta property=\"og:site_name\" content=\"Noor-Eesti\" \/>\n<meta property=\"article:modified_time\" content=\"2020-06-12T10:37:05+00:00\" \/>\n<meta name=\"twitter:card\" content=\"summary_large_image\" \/>\n<script type=\"application\/ld+json\" class=\"yoast-schema-graph\">{\"@context\":\"https:\/\/schema.org\",\"@graph\":[{\"@type\":\"WebSite\",\"@id\":\"https:\/\/www.kirmus.ee\/nooreesti\/#website\",\"url\":\"https:\/\/www.kirmus.ee\/nooreesti\/\",\"name\":\"Noor-Eesti\",\"description\":\"&quot;OLGEM EESTLASED, AGA SAAGEM KA EUROOPLASTEKS!&quot;\",\"potentialAction\":[{\"@type\":\"SearchAction\",\"target\":\"https:\/\/www.kirmus.ee\/nooreesti\/?s={search_term_string}\",\"query-input\":\"required name=search_term_string\"}],\"inLanguage\":\"en-US\"},{\"@type\":\"WebPage\",\"@id\":\"https:\/\/www.kirmus.ee\/nooreesti\/vaba-sona\/vaba-sona-ii\/sisukord\/#webpage\",\"url\":\"https:\/\/www.kirmus.ee\/nooreesti\/vaba-sona\/vaba-sona-ii\/sisukord\/\",\"name\":\"Sisukord - Noor-Eesti\",\"isPartOf\":{\"@id\":\"https:\/\/www.kirmus.ee\/nooreesti\/#website\"},\"datePublished\":\"2020-06-11T14:07:02+00:00\",\"dateModified\":\"2020-06-12T10:37:05+00:00\",\"breadcrumb\":{\"@id\":\"https:\/\/www.kirmus.ee\/nooreesti\/vaba-sona\/vaba-sona-ii\/sisukord\/#breadcrumb\"},\"inLanguage\":\"en-US\",\"potentialAction\":[{\"@type\":\"ReadAction\",\"target\":[\"https:\/\/www.kirmus.ee\/nooreesti\/vaba-sona\/vaba-sona-ii\/sisukord\/\"]}]},{\"@type\":\"BreadcrumbList\",\"@id\":\"https:\/\/www.kirmus.ee\/nooreesti\/vaba-sona\/vaba-sona-ii\/sisukord\/#breadcrumb\",\"itemListElement\":[{\"@type\":\"ListItem\",\"position\":1,\"item\":{\"@type\":\"WebPage\",\"@id\":\"https:\/\/www.kirmus.ee\/nooreesti\/\",\"url\":\"https:\/\/www.kirmus.ee\/nooreesti\/\",\"name\":\"Avaleht\"}},{\"@type\":\"ListItem\",\"position\":2,\"item\":{\"@type\":\"WebPage\",\"@id\":\"https:\/\/www.kirmus.ee\/nooreesti\/vaba-sona\/\",\"url\":\"https:\/\/www.kirmus.ee\/nooreesti\/vaba-sona\/\",\"name\":\"Vaba-S\\u00f5na\"}},{\"@type\":\"ListItem\",\"position\":3,\"item\":{\"@type\":\"WebPage\",\"@id\":\"https:\/\/www.kirmus.ee\/nooreesti\/vaba-sona\/vaba-sona-ii\/\",\"url\":\"https:\/\/www.kirmus.ee\/nooreesti\/vaba-sona\/vaba-sona-ii\/\",\"name\":\"Vaba S\\u00f5na II\"}},{\"@type\":\"ListItem\",\"position\":4,\"item\":{\"@type\":\"WebPage\",\"@id\":\"https:\/\/www.kirmus.ee\/nooreesti\/vaba-sona\/vaba-sona-ii\/sisukord\/\",\"url\":\"https:\/\/www.kirmus.ee\/nooreesti\/vaba-sona\/vaba-sona-ii\/sisukord\/\",\"name\":\"Sisukord\"}}]}]}<\/script>\n<!-- \/ Yoast SEO plugin. -->","_links":{"self":[{"href":"https:\/\/www.kirmus.ee\/nooreesti\/wp-json\/wp\/v2\/pages\/1339"}],"collection":[{"href":"https:\/\/www.kirmus.ee\/nooreesti\/wp-json\/wp\/v2\/pages"}],"about":[{"href":"https:\/\/www.kirmus.ee\/nooreesti\/wp-json\/wp\/v2\/types\/page"}],"author":[{"embeddable":true,"href":"https:\/\/www.kirmus.ee\/nooreesti\/wp-json\/wp\/v2\/users\/1"}],"replies":[{"embeddable":true,"href":"https:\/\/www.kirmus.ee\/nooreesti\/wp-json\/wp\/v2\/comments?post=1339"}],"version-history":[{"count":3,"href":"https:\/\/www.kirmus.ee\/nooreesti\/wp-json\/wp\/v2\/pages\/1339\/revisions"}],"predecessor-version":[{"id":1994,"href":"https:\/\/www.kirmus.ee\/nooreesti\/wp-json\/wp\/v2\/pages\/1339\/revisions\/1994"}],"up":[{"embeddable":true,"href":"https:\/\/www.kirmus.ee\/nooreesti\/wp-json\/wp\/v2\/pages\/1333"}],"wp:attachment":[{"href":"https:\/\/www.kirmus.ee\/nooreesti\/wp-json\/wp\/v2\/media?parent=1339"}],"curies":[{"name":"wp","href":"https:\/\/api.w.org\/{rel}","templated":true}]}}